{"id":46141,"date":"2025-12-02T11:48:11","date_gmt":"2025-12-02T10:48:11","guid":{"rendered":"https:\/\/mercia-academy.ch\/?post_type=courses&#038;p=46141"},"modified":"2025-12-02T11:48:14","modified_gmt":"2025-12-02T10:48:14","slug":"arkedance-la-danza-meditativa-de-los-arquetipos","status":"publish","type":"courses","link":"https:\/\/mercia-academy.ch\/en\/cursos\/arkedance-la-danza-meditativa-de-los-arquetipos\/","title":{"rendered":"ARK\u00c9DANCE &#8211; La Danza Meditativa de los arquetipos"},"content":{"rendered":"<p><strong>LANZAROTE &#8211; Presencial\u00a0<\/strong>con <strong>Sandra Rodr\u00edguez<\/strong><\/p>\n<p><strong>07 Diciembre <\/strong>&#8211; de\u00a0<strong>10.30\u00a0<\/strong>a<strong> 13.00H<\/strong><\/p>\n<p>Casa Rural Finca Tisalaya &#8211; 655 197 043 &#8211; soplodevida22@yahoo.es<\/p>\n<p>\u00a0<\/p>\n<p>*<span style=\"text-decoration: underline\">PROGRAMA de la 1\u00aa sesi\u00f3n<\/span><\/p>\n<p><span dir=\"auto\" style=\"vertical-align: inherit\">*<strong>Comprensi\u00f3n<\/strong> del <strong>Ark\u00e9dance<\/strong>, ubicaci\u00f3n de los continentes en el espacio, la remontada, los sentidos, los elementos,\u00a0 los sonidos, la m\u00fasica, el centro de la rosa.<\/span><\/p>\n<p><span dir=\"auto\" style=\"vertical-align: inherit\">*\u00a0 <strong>El Arquetipo el \u00c1guila:<\/strong> , es el arquetipo mayor de \u00c1frica situado al Norte, est\u00e1 en correspondencia con el elemento Fuego y en relaci\u00f3n con el Sentido de la Vista, &#8230;\u00a0 \u00a0 \u00a0 \u00a0 \u00a0 \u00a0 \u00a0 \u00a0<\/span><\/p>\n<p>\u00a0 \u00a0 \u00a0 \u00a0 \u00a0 \u00a0 \u00a0 \u00a0 \u00a0 \u00a0 \u00a0 \u00a0 \u00a0 \u00a0 \u00a0 \u00a0 \u00a0 \u00a0 \u00a0 \u00a0 \u00a0 \u00a1Llamemos al \u00c1guila!<\/p>\n<p>\u00a0 \u00a0 \u00a0 \u00a0 \u00a0 \u00a0 \u00a0 \u00a0 \u00a0 \u00a0 \u00a0 \u00a0 \u00a0 \u00a0 \u00a0 \u00a0sintamos su Gran Fuerza en la Mirada<\/p>\n<p>\u00a0 \u00a0 \u00a0 \u00a0 \u00a0 \u00a0 \u00a0 \u00a0 \u00a0 \u00a0 \u00a0 \u00a0 \u00a0 \u00a0mirada que lo puede ver todo desde lo m\u00e1s alto, \u00ab<\/p>\n<p>\u00a0<\/p>\n<p>\u00a0<\/p>\n<p><span dir=\"auto\" style=\"vertical-align: inherit\"><strong>Ark\u00e9dance<\/strong> nos adentra en lo m\u00e1s profundo de nosotros y nos invita a conectar con el Todo.<\/span><\/p>\n<p><span dir=\"auto\" style=\"vertical-align: inherit\">La m\u00fasica est\u00e1 exquisitamente seleccionada y testada por la autora de esta maravillosa ense\u00f1anza <strong><em>Danielle Didier<\/em><\/strong>, para hacer resonar nuestras c\u00e9lulas con los c\u00f3digos arquetipales que nos trae el Universo. <\/span><\/p>\n<p>\u00a0<\/p>\n<p><span dir=\"auto\" style=\"vertical-align: inherit\"> <strong>Ark\u00e9dance <\/strong>invita a vivir la experiencia de los arquetipos mayores de cada continente, as\u00ed como los sentidos, los elementos, las direcciones en correspondencia la remontada por los colores, etc&#8230;<\/span><\/p>\n<p><span dir=\"auto\" style=\"vertical-align: inherit\">Nos beneficiaremos de sus cualidades y nos permitir\u00e1 realizar nuestra trayectoria personal, espiritual e intransferible.<\/span><\/p>\n<p>\u00a0<\/p>\n<p><em><span dir=\"auto\" style=\"vertical-align: inherit\">El\u00a0 1er m\u00f3dulo completo, consta de 7 sesiones de aproximadamente 1 hora y 15 minutos.<\/span><\/em><\/p>\n<p><em><span dir=\"auto\" style=\"vertical-align: inherit\">1 sesi\u00f3n es te\u00f3rica: La Comprensi\u00f3n del Arqu\u00e9dance <\/span><\/em><\/p>\n<p><span dir=\"auto\" style=\"vertical-align: inherit\"><em>+ 6 sesiones restantes:: nos adentraremos en los Arquetipos, <\/em><strong>\u00c1guila, Le\u00f3n, Sonido Primordial, La Cebra, La Paloma, La Trama Universal <\/strong><em>,el movimiento, la danza\u00a0 , la m\u00fasica, los sonidos..<\/em><\/span><\/p>\n","protected":false},"excerpt":{"rendered":"<p>LANZAROTE &#8211; Presencial\u00a0con Sandra Rodr\u00edguez 07 Diciembre &#8211; de\u00a010.30\u00a0a 13.00H Casa Rural Finca Tisalaya &#8211; 655 197 043<\/p>\n","protected":false},"author":414,"featured_media":41680,"template":"","course-category":[160,8,161,217],"course-tag":[],"class_list":["post-46141","courses","type-courses","status-publish","has-post-thumbnail","hentry","course-category-arkedance","course-category-body-and-vibratory-practices","course-category-dance-of-the-archetypes","course-category-meditation"],"_links":{"self":[{"href":"https:\/\/mercia-academy.ch\/es\/wp-json\/wp\/v2\/courses\/46141","targetHints":{"allow":["GET"]}}],"collection":[{"href":"https:\/\/mercia-academy.ch\/es\/wp-json\/wp\/v2\/courses"}],"about":[{"href":"https:\/\/mercia-academy.ch\/es\/wp-json\/wp\/v2\/types\/courses"}],"author":[{"embeddable":true,"href":"https:\/\/mercia-academy.ch\/es\/wp-json\/wp\/v2\/users\/414"}],"wp:featuredmedia":[{"embeddable":true,"href":"https:\/\/mercia-academy.ch\/es\/wp-json\/wp\/v2\/media\/41680"}],"wp:attachment":[{"href":"https:\/\/mercia-academy.ch\/es\/wp-json\/wp\/v2\/media?parent=46141"}],"wp:term":[{"taxonomy":"course-category","embeddable":true,"href":"https:\/\/mercia-academy.ch\/es\/wp-json\/wp\/v2\/course-category?post=46141"},{"taxonomy":"course-tag","embeddable":true,"href":"https:\/\/mercia-academy.ch\/es\/wp-json\/wp\/v2\/course-tag?post=46141"}],"curies":[{"name":"wp","href":"https:\/\/api.w.org\/{rel}","templated":true}]}}